{"id":4735,"date":"2017-11-02T12:53:46","date_gmt":"2017-11-02T11:53:46","guid":{"rendered":"https:\/\/alcala.salesianos.edu\/colegio\/?page_id=4735"},"modified":"2025-08-27T09:04:59","modified_gmt":"2025-08-27T08:04:59","slug":"personal","status":"publish","type":"page","link":"https:\/\/alcala.salesianos.edu\/colegio\/personal\/","title":{"rendered":"personal"},"content":{"rendered":"<div id=\"fb-root\"><\/div>\n<p>[et_pb_section fb_built=\u00bb1&#8243; fullwidth=\u00bbon\u00bb _builder_version=\u00bb4.27.3&#8243; background_image=\u00bbhttps:\/\/alcala.salesianos.edu\/colegio\/wp-content\/uploads\/sites\/2\/2020\/10\/encabezado_noticias_casa-min-1.png\u00bb global_colors_info=\u00bb{}\u00bb][et_pb_fullwidth_header title=\u00bbPersonal\u00bb text_orientation=\u00bbcenter\u00bb module_class=\u00bbpagina-imagen-cabecera\u00bb _builder_version=\u00bb4.18.0&#8243; background_image=\u00bbhttps:\/\/inspectoria.salesianos.edu\/wp-content\/uploads\/2017\/09\/ImagenPAGINA.jpg\u00bb background_layout=\u00bblight\u00bb max_width_tablet=\u00bb50px\u00bb global_colors_info=\u00bb{}\u00bb button_one_text_size__hover_enabled=\u00bboff\u00bb button_two_text_size__hover_enabled=\u00bboff\u00bb button_one_text_color__hover_enabled=\u00bboff\u00bb button_two_text_color__hover_enabled=\u00bboff\u00bb button_one_border_width__hover_enabled=\u00bboff\u00bb button_two_border_width__hover_enabled=\u00bboff\u00bb button_one_border_color__hover_enabled=\u00bboff\u00bb button_two_border_color__hover_enabled=\u00bboff\u00bb button_one_border_radius__hover_enabled=\u00bboff\u00bb button_two_border_radius__hover_enabled=\u00bboff\u00bb button_one_letter_spacing__hover_enabled=\u00bboff\u00bb button_two_letter_spacing__hover_enabled=\u00bboff\u00bb button_one_bg_color__hover_enabled=\u00bboff\u00bb button_two_bg_color__hover_enabled=\u00bboff\u00bb][\/et_pb_fullwidth_header][\/et_pb_section][et_pb_section fb_built=\u00bb1&#8243; _builder_version=\u00bb4.16&#8243; global_colors_info=\u00bb{}\u00bb][et_pb_row column_structure=\u00bb1_2,1_2&#8243; _builder_version=\u00bb4.16&#8243; background_size=\u00bbinitial\u00bb background_position=\u00bbtop_left\u00bb background_repeat=\u00bbrepeat\u00bb global_colors_info=\u00bb{}\u00bb][et_pb_column type=\u00bb1_2&#8243; _builder_version=\u00bb4.16&#8243; custom_padding=\u00bb|||\u00bb global_colors_info=\u00bb{}\u00bb custom_padding__hover=\u00bb|||\u00bb][et_pb_text _builder_version=\u00bb4.18.0&#8243; global_colors_info=\u00bb{}\u00bb]<\/p>\n<h1><span style=\"color: #ff0000;\">Equipo directivo<\/span><\/h1>\n<p><strong>Titularidad:<\/strong> D. Jos\u00e9 Antonio \u00c1lvarez Paulino<\/p>\n<p><strong>Director de Centro:<\/strong> D. Mateo Barrera Mac\u00edas<\/p>\n<p><strong>Jefe de Estudios de Secundaria:\u00a0<\/strong>D. V\u00edctor Garz\u00f3n Machado<\/p>\n<p><strong>Jefe de Estudios de Primaria:<\/strong>\u00a0D. Alberto Ruiz D\u00edaz<\/p>\n<p><strong>Jefa de Estudios de Infantil:\u00a0<\/strong>D\u00f1a. M\u00aa Dolores Risue\u00f1o de la Luz<\/p>\n<p><strong>Administrador y Secretario:<\/strong>\u00a0D. Evaristo T\u00e9llez Rold\u00e1n.<\/p>\n<p><b>Coordinador de Pastoral: <\/b>D. Jorge L\u00f3pez L\u00f3pez<\/p>\n<p>&nbsp;<\/p>\n<p>[\/et_pb_text][\/et_pb_column][et_pb_column type=\u00bb1_2&#8243; _builder_version=\u00bb4.16&#8243; custom_padding=\u00bb|||\u00bb global_colors_info=\u00bb{}\u00bb custom_padding__hover=\u00bb|||\u00bb][et_pb_image src=\u00bbhttps:\/\/alcala.salesianos.edu\/colegio\/wp-content\/uploads\/sites\/2\/2021\/01\/icon.png\u00bb title_text=\u00bbicon\u00bb align_tablet=\u00bbcenter\u00bb align_phone=\u00bb\u00bb align_last_edited=\u00bbon|desktop\u00bb _builder_version=\u00bb4.18.0&#8243; width=\u00bb58%\u00bb global_colors_info=\u00bb{}\u00bb]&nbsp;<br \/>\n[\/et_pb_image][\/et_pb_column][\/et_pb_row][et_pb_row column_structure=\u00bb4_4,4_4&#8243; _builder_version=\u00bb4.16&#8243; background_size=\u00bbinitial\u00bb background_position=\u00bbtop_left\u00bb background_repeat=\u00bbrepeat\u00bb global_colors_info=\u00bb{}\u00bb][et_pb_column type=\u00bb4_4&#8243; _builder_version=\u00bb4.16&#8243; custom_padding=\u00bb|||\u00bb global_colors_info=\u00bb{}\u00bb custom_padding__hover=\u00bb|||\u00bb][et_pb_divider show_divider=\u00bboff\u00bb _builder_version=\u00bb4.16&#8243; global_colors_info=\u00bb{}\u00bb]&nbsp;<br \/>\n[\/et_pb_divider][\/et_pb_column][et_pb_column type=\u00bb4_4&#8243; _builder_version=\u00bb4.16&#8243; custom_padding=\u00bb|||\u00bb global_colors_info=\u00bb{}\u00bb custom_padding__hover=\u00bb|||\u00bb][\/et_pb_column][\/et_pb_row][et_pb_row column_structure=\u00bb2_3,1_3&#8243; _builder_version=\u00bb4.16&#8243; background_size=\u00bbinitial\u00bb background_position=\u00bbtop_left\u00bb background_repeat=\u00bbrepeat\u00bb global_colors_info=\u00bb{}\u00bb][et_pb_column type=\u00bb2_3&#8243; _builder_version=\u00bb4.16&#8243; custom_padding=\u00bb|||\u00bb global_colors_info=\u00bb{}\u00bb custom_padding__hover=\u00bb|||\u00bb][et_pb_image src=\u00bbhttps:\/\/alcala.salesianos.edu\/colegio\/wp-content\/uploads\/sites\/2\/2024\/11\/459002101_18275697040232629_396247456210742831_n.jpg\u00bb align_tablet=\u00bbcenter\u00bb align_phone=\u00bb\u00bb align_last_edited=\u00bbon|desktop\u00bb _builder_version=\u00bb4.27.3&#8243; hover_enabled=\u00bb0&#8243; global_colors_info=\u00bb{}\u00bb title_text=\u00bb459002101_18275697040232629_396247456210742831_n\u00bb sticky_enabled=\u00bb0&#8243;]&nbsp;<br \/>\n[\/et_pb_image][\/et_pb_column][et_pb_column type=\u00bb1_3&#8243; _builder_version=\u00bb4.16&#8243; custom_padding=\u00bb|||\u00bb global_colors_info=\u00bb{}\u00bb custom_padding__hover=\u00bb|||\u00bb][et_pb_text _builder_version=\u00bb4.16&#8243; global_colors_info=\u00bb{}\u00bb]<\/p>\n<h1><span style=\"color: #ff0000;\">Claustro<\/span><\/h1>\n<p>Nuestro centro tiene tres etapas educativas y el n\u00famero de profesores de cada etapa es el siguiente.<\/p>\n<p><strong>Educaci\u00f3n Infantil<\/strong>: 7 profesores<\/p>\n<p><strong>Educaci\u00f3n<\/strong>\u00a0<strong>Primaria<\/strong>:16 profesores<\/p>\n<p><strong>Educaci\u00f3n<\/strong> <strong>Secundaria<\/strong> 15 profesores<br \/>\n[\/et_pb_text][\/et_pb_column][\/et_pb_row][et_pb_row column_structure=\u00bb4_4,4_4&#8243; _builder_version=\u00bb4.16&#8243; background_size=\u00bbinitial\u00bb background_position=\u00bbtop_left\u00bb background_repeat=\u00bbrepeat\u00bb global_colors_info=\u00bb{}\u00bb][et_pb_column type=\u00bb4_4&#8243; _builder_version=\u00bb4.16&#8243; custom_padding=\u00bb|||\u00bb global_colors_info=\u00bb{}\u00bb custom_padding__hover=\u00bb|||\u00bb][et_pb_divider show_divider=\u00bboff\u00bb _builder_version=\u00bb4.16&#8243; global_colors_info=\u00bb{}\u00bb]&nbsp;<br \/>\n[\/et_pb_divider][\/et_pb_column][et_pb_column type=\u00bb4_4&#8243; _builder_version=\u00bb4.16&#8243; custom_padding=\u00bb|||\u00bb global_colors_info=\u00bb{}\u00bb custom_padding__hover=\u00bb|||\u00bb][\/et_pb_column][\/et_pb_row][et_pb_row column_structure=\u00bb2_3,1_3&#8243; _builder_version=\u00bb4.16&#8243; background_size=\u00bbinitial\u00bb background_position=\u00bbtop_left\u00bb background_repeat=\u00bbrepeat\u00bb global_colors_info=\u00bb{}\u00bb][et_pb_column type=\u00bb2_3&#8243; _builder_version=\u00bb4.16&#8243; custom_padding=\u00bb|||\u00bb global_colors_info=\u00bb{}\u00bb custom_padding__hover=\u00bb|||\u00bb][et_pb_text _builder_version=\u00bb4.16&#8243; global_colors_info=\u00bb{}\u00bb]<\/p>\n<h1><span style=\"color: #ff0000;\">Personal de Administraci\u00f3n y Servicios<\/span><\/h1>\n<p>Administrador\/Secretario:\u00a0 \u00a0 \u00a0 \u00a0 \u00a0 \u00a0 \u00a0 \u00a0 \u00a0 \u00a0 \u00a0 \u00a0D. Evaristo T\u00e9llez Rold\u00e1n<\/p>\n<p>Servicio de Porter\u00eda\/Mantenimiento: \u00a0 \u00a0 \u00a0 D. Miguel Dom\u00ednguez Mart\u00ednez.<\/p>\n<p>Auxiliar de Mantenimiento:\u00a0 \u00a0 \u00a0 \u00a0 \u00a0 \u00a0 \u00a0 \u00a0 \u00a0 \u00a0 \u00a0 D. Joaqu\u00edn Sol\u00eds V\u00e1zquez<\/p>\n<p>Servicio de Limpieza:\u00a0 \u00a0 \u00a0 \u00a0 \u00a0 \u00a0 \u00a0 \u00a0 \u00a0 \u00a0 \u00a0 \u00a0 \u00a0 \u00a0 \u00a0<span style=\"font-size: 14px;\">\u00a0D\u00f1a. <\/span>Auxiliadora Dom\u00ednguez Mart\u00ednez<\/p>\n<p>[\/et_pb_text][\/et_pb_column][et_pb_column type=\u00bb1_3&#8243; _builder_version=\u00bb4.16&#8243; custom_padding=\u00bb|||\u00bb global_colors_info=\u00bb{}\u00bb custom_padding__hover=\u00bb|||\u00bb][\/et_pb_column][\/et_pb_row][\/et_pb_section]<\/p>\n","protected":false},"excerpt":{"rendered":"<p>Equipo directivo Titularidad: D. Jos\u00e9 Antonio \u00c1lvarez Paulino Director de Centro: D. Mateo Barrera Mac\u00edas Jefe de Estudios de Secundaria:\u00a0D. V\u00edctor Garz\u00f3n Machado Jefe de Estudios de Primaria:\u00a0D. Alberto Ruiz D\u00edaz Jefa de Estudios de Infantil:\u00a0D\u00f1a. M\u00aa Dolores Risue\u00f1o de la Luz Administrador y Secretario:\u00a0D. Evaristo T\u00e9llez Rold\u00e1n. Coordinador de Pastoral: D. Jorge L\u00f3pez L\u00f3pez [&hellip;]<\/p>\n","protected":false},"author":2,"featured_media":0,"parent":0,"menu_order":0,"comment_status":"closed","ping_status":"closed","template":"","meta":{"_et_pb_use_builder":"on","_et_pb_old_content":"","_et_gb_content_width":"","footnotes":""},"class_list":["post-4735","page","type-page","status-publish","hentry"],"yoast_head":"<!-- This site is optimized with the Yoast SEO plugin v28.4 - https:\/\/yoast.com\/product\/yoast-seo-wordpress\/ -->\n<title>personal - Colegio Salesiano Alcal\u00e1<\/title>\n<meta name=\"robots\" content=\"index, follow, max-snippet:-1, max-image-preview:large, max-video-preview:-1\" \/>\n<link rel=\"canonical\" href=\"https:\/\/alcala.salesianos.edu\/colegio\/personal\/\" \/>\n<meta property=\"og:locale\" content=\"es_ES\" \/>\n<meta property=\"og:type\" content=\"article\" \/>\n<meta property=\"og:title\" content=\"personal - Colegio Salesiano Alcal\u00e1\" \/>\n<meta property=\"og:description\" content=\"Equipo directivo Titularidad: D. Jos\u00e9 Antonio \u00c1lvarez Paulino Director de Centro: D. Mateo Barrera Mac\u00edas Jefe de Estudios de Secundaria:\u00a0D. V\u00edctor Garz\u00f3n Machado Jefe de Estudios de Primaria:\u00a0D. Alberto Ruiz D\u00edaz Jefa de Estudios de Infantil:\u00a0D\u00f1a. M\u00aa Dolores Risue\u00f1o de la Luz Administrador y Secretario:\u00a0D. Evaristo T\u00e9llez Rold\u00e1n. Coordinador de Pastoral: D. Jorge L\u00f3pez L\u00f3pez [&hellip;]\" \/>\n<meta property=\"og:url\" content=\"https:\/\/alcala.salesianos.edu\/colegio\/personal\/\" \/>\n<meta property=\"og:site_name\" content=\"Colegio Salesiano Alcal\u00e1\" \/>\n<meta property=\"article:modified_time\" content=\"2025-08-27T08:04:59+00:00\" \/>\n<meta name=\"twitter:card\" content=\"summary_large_image\" \/>\n<meta name=\"twitter:label1\" content=\"Tiempo de lectura\" \/>\n\t<meta name=\"twitter:data1\" content=\"4 minutos\" \/>\n<script type=\"application\/ld+json\" class=\"yoast-schema-graph\">{\"@context\":\"https:\\\/\\\/schema.org\",\"@graph\":[{\"@type\":\"WebPage\",\"@id\":\"https:\\\/\\\/alcala.salesianos.edu\\\/colegio\\\/personal\\\/\",\"url\":\"https:\\\/\\\/alcala.salesianos.edu\\\/colegio\\\/personal\\\/\",\"name\":\"personal - Colegio Salesiano Alcal\u00e1\",\"isPartOf\":{\"@id\":\"https:\\\/\\\/alcala.salesianos.edu\\\/colegio\\\/#website\"},\"datePublished\":\"2017-11-02T11:53:46+00:00\",\"dateModified\":\"2025-08-27T08:04:59+00:00\",\"breadcrumb\":{\"@id\":\"https:\\\/\\\/alcala.salesianos.edu\\\/colegio\\\/personal\\\/#breadcrumb\"},\"inLanguage\":\"es\",\"potentialAction\":[{\"@type\":\"ReadAction\",\"target\":[\"https:\\\/\\\/alcala.salesianos.edu\\\/colegio\\\/personal\\\/\"]}]},{\"@type\":\"BreadcrumbList\",\"@id\":\"https:\\\/\\\/alcala.salesianos.edu\\\/colegio\\\/personal\\\/#breadcrumb\",\"itemListElement\":[{\"@type\":\"ListItem\",\"position\":1,\"name\":\"Portada\",\"item\":\"https:\\\/\\\/alcala.salesianos.edu\\\/colegio\\\/\"},{\"@type\":\"ListItem\",\"position\":2,\"name\":\"personal\"}]},{\"@type\":\"WebSite\",\"@id\":\"https:\\\/\\\/alcala.salesianos.edu\\\/colegio\\\/#website\",\"url\":\"https:\\\/\\\/alcala.salesianos.edu\\\/colegio\\\/\",\"name\":\"Colegio Salesiano Alcal\u00e1\",\"description\":\"P\u00e1gina oficial de Salesianos Alcal\u00e1 de Guadaira\",\"potentialAction\":[{\"@type\":\"SearchAction\",\"target\":{\"@type\":\"EntryPoint\",\"urlTemplate\":\"https:\\\/\\\/alcala.salesianos.edu\\\/colegio\\\/?s={search_term_string}\"},\"query-input\":{\"@type\":\"PropertyValueSpecification\",\"valueRequired\":true,\"valueName\":\"search_term_string\"}}],\"inLanguage\":\"es\"}]}<\/script>\n<!-- \/ Yoast SEO plugin. -->","yoast_head_json":{"title":"personal - Colegio Salesiano Alcal\u00e1","robots":{"index":"index","follow":"follow","max-snippet":"max-snippet:-1","max-image-preview":"max-image-preview:large","max-video-preview":"max-video-preview:-1"},"canonical":"https:\/\/alcala.salesianos.edu\/colegio\/personal\/","og_locale":"es_ES","og_type":"article","og_title":"personal - Colegio Salesiano Alcal\u00e1","og_description":"Equipo directivo Titularidad: D. Jos\u00e9 Antonio \u00c1lvarez Paulino Director de Centro: D. Mateo Barrera Mac\u00edas Jefe de Estudios de Secundaria:\u00a0D. V\u00edctor Garz\u00f3n Machado Jefe de Estudios de Primaria:\u00a0D. Alberto Ruiz D\u00edaz Jefa de Estudios de Infantil:\u00a0D\u00f1a. M\u00aa Dolores Risue\u00f1o de la Luz Administrador y Secretario:\u00a0D. Evaristo T\u00e9llez Rold\u00e1n. Coordinador de Pastoral: D. Jorge L\u00f3pez L\u00f3pez [&hellip;]","og_url":"https:\/\/alcala.salesianos.edu\/colegio\/personal\/","og_site_name":"Colegio Salesiano Alcal\u00e1","article_modified_time":"2025-08-27T08:04:59+00:00","twitter_card":"summary_large_image","twitter_misc":{"Tiempo de lectura":"4 minutos"},"schema":{"@context":"https:\/\/schema.org","@graph":[{"@type":"WebPage","@id":"https:\/\/alcala.salesianos.edu\/colegio\/personal\/","url":"https:\/\/alcala.salesianos.edu\/colegio\/personal\/","name":"personal - Colegio Salesiano Alcal\u00e1","isPartOf":{"@id":"https:\/\/alcala.salesianos.edu\/colegio\/#website"},"datePublished":"2017-11-02T11:53:46+00:00","dateModified":"2025-08-27T08:04:59+00:00","breadcrumb":{"@id":"https:\/\/alcala.salesianos.edu\/colegio\/personal\/#breadcrumb"},"inLanguage":"es","potentialAction":[{"@type":"ReadAction","target":["https:\/\/alcala.salesianos.edu\/colegio\/personal\/"]}]},{"@type":"BreadcrumbList","@id":"https:\/\/alcala.salesianos.edu\/colegio\/personal\/#breadcrumb","itemListElement":[{"@type":"ListItem","position":1,"name":"Portada","item":"https:\/\/alcala.salesianos.edu\/colegio\/"},{"@type":"ListItem","position":2,"name":"personal"}]},{"@type":"WebSite","@id":"https:\/\/alcala.salesianos.edu\/colegio\/#website","url":"https:\/\/alcala.salesianos.edu\/colegio\/","name":"Colegio Salesiano Alcal\u00e1","description":"P\u00e1gina oficial de Salesianos Alcal\u00e1 de Guadaira","potentialAction":[{"@type":"SearchAction","target":{"@type":"EntryPoint","urlTemplate":"https:\/\/alcala.salesianos.edu\/colegio\/?s={search_term_string}"},"query-input":{"@type":"PropertyValueSpecification","valueRequired":true,"valueName":"search_term_string"}}],"inLanguage":"es"}]}},"_links":{"self":[{"href":"https:\/\/alcala.salesianos.edu\/colegio\/wp-json\/wp\/v2\/pages\/4735","targetHints":{"allow":["GET"]}}],"collection":[{"href":"https:\/\/alcala.salesianos.edu\/colegio\/wp-json\/wp\/v2\/pages"}],"about":[{"href":"https:\/\/alcala.salesianos.edu\/colegio\/wp-json\/wp\/v2\/types\/page"}],"author":[{"embeddable":true,"href":"https:\/\/alcala.salesianos.edu\/colegio\/wp-json\/wp\/v2\/users\/2"}],"replies":[{"embeddable":true,"href":"https:\/\/alcala.salesianos.edu\/colegio\/wp-json\/wp\/v2\/comments?post=4735"}],"version-history":[{"count":13,"href":"https:\/\/alcala.salesianos.edu\/colegio\/wp-json\/wp\/v2\/pages\/4735\/revisions"}],"predecessor-version":[{"id":15998,"href":"https:\/\/alcala.salesianos.edu\/colegio\/wp-json\/wp\/v2\/pages\/4735\/revisions\/15998"}],"wp:attachment":[{"href":"https:\/\/alcala.salesianos.edu\/colegio\/wp-json\/wp\/v2\/media?parent=4735"}],"curies":[{"name":"wp","href":"https:\/\/api.w.org\/{rel}","templated":true}]}}